{"id":2857,"date":"2019-12-19T10:39:30","date_gmt":"2019-12-19T10:39:30","guid":{"rendered":"https:\/\/salari.webstudio7.nl\/?page_id=2857"},"modified":"2020-08-27T12:22:56","modified_gmt":"2020-08-27T12:22:56","slug":"transport","status":"publish","type":"page","link":"https:\/\/www.salari.nl\/de\/dienstleistungen\/transport\/","title":{"rendered":"Transport"},"content":{"rendered":"<p>[vc_row css=&#8221;.vc_custom_1598526156633{padding-top: 120px !important;padding-bottom: 120px !important;background-image: url(https:\/\/www.salari.nl\/wp-content\/uploads\/2020\/08\/header-img-salari.jpg?id=3473) !important;background-position: center !important;background-repeat: no-repeat !important;background-size: cover !important;}&#8221;][vc_column][vc_custom_heading text=&#8221;Transport&#8221; font_container=&#8221;tag:h1|font_size:45px|text_align:center|color:%23ffffff&#8221; use_theme_fonts=&#8221;yes&#8221;][\/vc_column][\/vc_row][vc_row css=&#8221;.vc_custom_1576144924326{padding-top: 70px !important;padding-bottom: 80px !important;}&#8221;][vc_column width=&#8221;1\/2&#8243;][vc_custom_heading text=&#8221;Wir stehen f\u00fcr kundenorientierte L\u00f6sungen und Flexibilit\u00e4t!&#8221; use_theme_fonts=&#8221;yes&#8221;][vc_empty_space height=&#8221;30px&#8221;][vc_column_text]<\/p>\n<p style=\"text-align: left;\">Wir transportieren in ganz Europa und sind auf den Transport von Pudern und k\u00f6rnigen Produkten spezialisiert. Innerhalb Europas sind Skandinavien, Deutschland und Frankreich geografischer Schwerpunkt unserer Transportaktivit\u00e4ten.<\/p>\n<p>Zeigen Sie die verschiedenen Transportoptionen unten an.[\/vc_column_text][vc_empty_space][\/vc_column][vc_column width=&#8221;1\/2&#8243;][vc_images_carousel images=&#8221;3641,3637,3634,3631&#8243; img_size=&#8221;full&#8221; onclick=&#8221;link_no&#8221; speed=&#8221;3000&#8243; autoplay=&#8221;yes&#8221; wrap=&#8221;yes&#8221;][\/vc_column][\/vc_row][vc_section css=&#8221;.vc_custom_1576751528645{padding-top: 60px !important;padding-bottom: 80px !important;background: #181223 url(https:\/\/www.salari.nl\/wp-content\/uploads\/2019\/12\/patroon-1800px.png?id=2494) !important;}&#8221; el_class=&#8221;blok-met-vector-background&#8221;][vc_row][vc_column][vc_custom_heading text=&#8221;Unsere Transportm\u00f6glichkeiten&#8221; font_container=&#8221;tag:h2|text_align:center|color:%23ffffff&#8221; use_theme_fonts=&#8221;yes&#8221;][vc_empty_space height=&#8221;40px&#8221;][\/vc_column][\/vc_row][vc_row el_id=&#8221;missie-en-visie-blok&#8221;][vc_column width=&#8221;1\/4&#8243;][vc_column_text]<\/p>\n<div style=\"color: #b9b9d0;\">\n<h4>Intermodaler Transport<\/h4>\n<p>Unser Spezialgebiet beim intermodalen Transport ist der Transport von und nach Skandinavien, insbesondere Norwegen und Schweden. Wir sorgen f\u00fcr unsere Kunden f\u00fcr eine ma\u00dfgeschneiderte Planung. Vor Ort verf\u00fcgen wir \u00fcber eine Niederlassung in G\u00f6teborg und bieten eigene Trucking-Dienstleistungen. Dadurch sind wir flexibel und k\u00f6nnen eine schnelle Durchlaufzeit garantieren. Dar\u00fcber hinaus verf\u00fcgen wir \u00fcber Druckbulkcontainer mit einer Kapazit\u00e4t von 53 m\u00b3.<\/p>\n<\/div>\n<p>[\/vc_column_text][\/vc_column][vc_column width=&#8221;1\/4&#8243;][vc_column_text]<\/p>\n<div style=\"color: #b9b9d0;\">\n<h4>Transport von bulkware<\/h4>\n<p>Wir zeichnen uns aus durch erfahrene Fahrer, die \u00fcber umfassendes Know-how zu den transportierten Produkten verf\u00fcgen. Wir verf\u00fcgen \u00fcber einen modernen Fuhrpark und jahrelange Erfahrung in der Transportbranche. Wir sind bekannt f\u00fcr unsere Lieferzuverl\u00e4ssigkeit und unsere effiziente Planung. W.G. Salari arbeitet mit modernen Kommunikationsmitteln, unter anderem mit einem Track-und-Trace-System.<\/p>\n<\/div>\n<p>[\/vc_column_text][\/vc_column][vc_column width=&#8221;1\/4&#8243;][vc_column_text]<\/p>\n<div style=\"color: #b9b9d0;\">\n<h4>Vakuumtransport von bulkware<\/h4>\n<p>Zu unseren logistischen M\u00f6glichkeiten geh\u00f6ren auch mehrere Vakuumfahrzeuge, die mit qualifizierten Fahrern besetzt sind. Die Kapazit\u00e4t unserer Vakuumfahrzeuge betr\u00e4gt 62 m\u00b3. Zus\u00e4tzlich haben wir eine Vielzahl von Aufbauten f\u00fcr diese Fahrzeuge im Angebot. F\u00fcr Sonderw\u00fcnsche unserer Kunden (Ad-hoc-Auftr\u00e4ge) sind wir immer offen. Sofern technisch m\u00f6glich, erf\u00fcllen wir diese Sonderw\u00fcnsche. Dar\u00fcber hinaus k\u00f6nnen wir \u00fcber unsere Abteilung f\u00fcr Produkthandling auch den Prozess nach der Vakuumierung f\u00fcr Sie \u00fcbernehmen.<\/p>\n<\/div>\n<p>[\/vc_column_text][\/vc_column][vc_column width=&#8221;1\/4&#8243;][vc_column_text]<\/p>\n<div style=\"color: #b9b9d0;\">\n<h4>St\u00fcckguttransport<\/h4>\n<p>W.G. Salari \u00fcbernimmt auch St\u00fcckguttransporte. St\u00fcckgut transportieren wir unter Beachtung der aktuellen europ\u00e4ischen Gesetzgebung in ganz Europa. Gerne unterst\u00fctzen wir Sie mit optimalen, bedarfsgenauen Logistikideen und -l\u00f6sungen.<\/p>\n<\/div>\n<p>[\/vc_column_text][\/vc_column][\/vc_row][\/vc_section]<\/p>\n","protected":false},"excerpt":{"rendered":"<p>[vc_row css=&#8221;.vc_custom_1598526156633{padding-top: 120px !important;padding-bottom: 120px !important;background-image: url(https:\/\/www.salari.nl\/wp-content\/uploads\/2020\/08\/header-img-salari.jpg?id=3473) !important;background-position: center !important;background-repeat: no-repeat !important;background-size: cover !important;}&#8221;][vc_column][vc_custom_heading text=&#8221;Transport&#8221; font_container=&#8221;tag:h1|font_size:45px|text_align:center|color:%23ffffff&#8221; use_theme_fonts=&#8221;yes&#8221;][\/vc_column][\/vc_row][vc_row css=&#8221;.vc_custom_1576144924326{padding-top: 70px !important;padding-bottom: 80px !important;}&#8221;][vc_column width=&#8221;1\/2&#8243;][vc_custom_heading text=&#8221;Wir stehen f\u00fcr kundenorientierte L\u00f6sungen und Flexibilit\u00e4t!&#8221; use_theme_fonts=&#8221;yes&#8221;][vc_empty_space height=&#8221;30px&#8221;][vc_column_text] Wir transportieren in ganz Europa und sind auf den Transport von Pudern und k\u00f6rnigen Produkten spezialisiert. Innerhalb Europas sind Skandinavien, Deutschland und Frankreich [&hellip;]<\/p>\n","protected":false},"author":2,"featured_media":0,"parent":2850,"menu_order":88,"comment_status":"closed","ping_status":"closed","template":"tmpl\/template-fullwidth.php","meta":{"_monsterinsights_skip_tracking":false,"_monsterinsights_sitenote_active":false,"_monsterinsights_sitenote_note":"","_monsterinsights_sitenote_category":0},"yoast_head":"<!-- This site is optimized with the Yoast SEO plugin v20.2.1 - https:\/\/yoast.com\/wordpress\/plugins\/seo\/ -->\n<title>Transport - W.G. Salari | Wir transportieren durch Europa<\/title>\n<meta name=\"description\" content=\"W.G. Salari transportiert haupts\u00e4chlich Pulver und Granulate von A nach B durch Europa. Lesen Sie hier mehr \u00fcber die Transportm\u00f6glichkeiten.\" \/>\n<meta name=\"robots\" content=\"index, follow, max-snippet:-1, max-image-preview:large, max-video-preview:-1\" \/>\n<link rel=\"canonical\" href=\"https:\/\/www.salari.nl\/de\/dienstleistungen\/transport\/\" \/>\n<meta property=\"og:locale\" content=\"de_DE\" \/>\n<meta property=\"og:type\" content=\"article\" \/>\n<meta property=\"og:title\" content=\"Transport - W.G. Salari | Wir transportieren durch Europa\" \/>\n<meta property=\"og:description\" content=\"W.G. Salari transportiert haupts\u00e4chlich Pulver und Granulate von A nach B durch Europa. Lesen Sie hier mehr \u00fcber die Transportm\u00f6glichkeiten.\" \/>\n<meta property=\"og:url\" content=\"https:\/\/www.salari.nl\/de\/dienstleistungen\/transport\/\" \/>\n<meta property=\"og:site_name\" content=\"W.G. Salari\" \/>\n<meta property=\"article:publisher\" content=\"https:\/\/www.facebook.com\/WGSalari\/\" \/>\n<meta property=\"article:modified_time\" content=\"2020-08-27T12:22:56+00:00\" \/>\n<meta name=\"twitter:card\" content=\"summary_large_image\" \/>\n<meta name=\"twitter:label1\" content=\"Gesch\u00e4tzte Lesezeit\" \/>\n\t<meta name=\"twitter:data1\" content=\"3\u00a0Minuten\" \/>\n<script type=\"application\/ld+json\" class=\"yoast-schema-graph\">{\"@context\":\"https:\/\/schema.org\",\"@graph\":[{\"@type\":\"WebPage\",\"@id\":\"https:\/\/www.salari.nl\/de\/dienstleistungen\/transport\/\",\"url\":\"https:\/\/www.salari.nl\/de\/dienstleistungen\/transport\/\",\"name\":\"Transport - W.G. Salari | Wir transportieren durch Europa\",\"isPartOf\":{\"@id\":\"https:\/\/www.salari.nl\/#website\"},\"datePublished\":\"2019-12-19T10:39:30+00:00\",\"dateModified\":\"2020-08-27T12:22:56+00:00\",\"description\":\"W.G. Salari transportiert haupts\u00e4chlich Pulver und Granulate von A nach B durch Europa. Lesen Sie hier mehr \u00fcber die Transportm\u00f6glichkeiten.\",\"breadcrumb\":{\"@id\":\"https:\/\/www.salari.nl\/de\/dienstleistungen\/transport\/#breadcrumb\"},\"inLanguage\":\"de\",\"potentialAction\":[{\"@type\":\"ReadAction\",\"target\":[\"https:\/\/www.salari.nl\/de\/dienstleistungen\/transport\/\"]}]},{\"@type\":\"BreadcrumbList\",\"@id\":\"https:\/\/www.salari.nl\/de\/dienstleistungen\/transport\/#breadcrumb\",\"itemListElement\":[{\"@type\":\"ListItem\",\"position\":1,\"name\":\"Home\",\"item\":\"https:\/\/www.salari.nl\/de\/\"},{\"@type\":\"ListItem\",\"position\":2,\"name\":\"Dienstleistungen\",\"item\":\"https:\/\/www.salari.nl\/de\/dienstleistungen\/\"},{\"@type\":\"ListItem\",\"position\":3,\"name\":\"Transport\"}]},{\"@type\":\"WebSite\",\"@id\":\"https:\/\/www.salari.nl\/#website\",\"url\":\"https:\/\/www.salari.nl\/\",\"name\":\"W.G. Salari\",\"description\":\"W.G. Salari\",\"publisher\":{\"@id\":\"https:\/\/www.salari.nl\/#organization\"},\"potentialAction\":[{\"@type\":\"SearchAction\",\"target\":{\"@type\":\"EntryPoint\",\"urlTemplate\":\"https:\/\/www.salari.nl\/?s={search_term_string}\"},\"query-input\":\"required name=search_term_string\"}],\"inLanguage\":\"de\"},{\"@type\":\"Organization\",\"@id\":\"https:\/\/www.salari.nl\/#organization\",\"name\":\"W.G. Salari\",\"url\":\"https:\/\/www.salari.nl\/\",\"logo\":{\"@type\":\"ImageObject\",\"inLanguage\":\"de\",\"@id\":\"https:\/\/www.salari.nl\/#\/schema\/logo\/image\/\",\"url\":\"https:\/\/www.salari.nl\/wp-content\/uploads\/2019\/12\/footer-logo-salari.png\",\"contentUrl\":\"https:\/\/www.salari.nl\/wp-content\/uploads\/2019\/12\/footer-logo-salari.png\",\"width\":300,\"height\":80,\"caption\":\"W.G. Salari\"},\"image\":{\"@id\":\"https:\/\/www.salari.nl\/#\/schema\/logo\/image\/\"},\"sameAs\":[\"https:\/\/www.facebook.com\/WGSalari\/\",\"https:\/\/nl.linkedin.com\/company\/w-g-salari\"]}]}<\/script>\n<!-- \/ Yoast SEO plugin. -->","yoast_head_json":{"title":"Transport - W.G. Salari | Wir transportieren durch Europa","description":"W.G. Salari transportiert haupts\u00e4chlich Pulver und Granulate von A nach B durch Europa. Lesen Sie hier mehr \u00fcber die Transportm\u00f6glichkeiten.","robots":{"index":"index","follow":"follow","max-snippet":"max-snippet:-1","max-image-preview":"max-image-preview:large","max-video-preview":"max-video-preview:-1"},"canonical":"https:\/\/www.salari.nl\/de\/dienstleistungen\/transport\/","og_locale":"de_DE","og_type":"article","og_title":"Transport - W.G. Salari | Wir transportieren durch Europa","og_description":"W.G. Salari transportiert haupts\u00e4chlich Pulver und Granulate von A nach B durch Europa. Lesen Sie hier mehr \u00fcber die Transportm\u00f6glichkeiten.","og_url":"https:\/\/www.salari.nl\/de\/dienstleistungen\/transport\/","og_site_name":"W.G. Salari","article_publisher":"https:\/\/www.facebook.com\/WGSalari\/","article_modified_time":"2020-08-27T12:22:56+00:00","twitter_card":"summary_large_image","twitter_misc":{"Gesch\u00e4tzte Lesezeit":"3\u00a0Minuten"},"schema":{"@context":"https:\/\/schema.org","@graph":[{"@type":"WebPage","@id":"https:\/\/www.salari.nl\/de\/dienstleistungen\/transport\/","url":"https:\/\/www.salari.nl\/de\/dienstleistungen\/transport\/","name":"Transport - W.G. Salari | Wir transportieren durch Europa","isPartOf":{"@id":"https:\/\/www.salari.nl\/#website"},"datePublished":"2019-12-19T10:39:30+00:00","dateModified":"2020-08-27T12:22:56+00:00","description":"W.G. Salari transportiert haupts\u00e4chlich Pulver und Granulate von A nach B durch Europa. Lesen Sie hier mehr \u00fcber die Transportm\u00f6glichkeiten.","breadcrumb":{"@id":"https:\/\/www.salari.nl\/de\/dienstleistungen\/transport\/#breadcrumb"},"inLanguage":"de","potentialAction":[{"@type":"ReadAction","target":["https:\/\/www.salari.nl\/de\/dienstleistungen\/transport\/"]}]},{"@type":"BreadcrumbList","@id":"https:\/\/www.salari.nl\/de\/dienstleistungen\/transport\/#breadcrumb","itemListElement":[{"@type":"ListItem","position":1,"name":"Home","item":"https:\/\/www.salari.nl\/de\/"},{"@type":"ListItem","position":2,"name":"Dienstleistungen","item":"https:\/\/www.salari.nl\/de\/dienstleistungen\/"},{"@type":"ListItem","position":3,"name":"Transport"}]},{"@type":"WebSite","@id":"https:\/\/www.salari.nl\/#website","url":"https:\/\/www.salari.nl\/","name":"W.G. Salari","description":"W.G. Salari","publisher":{"@id":"https:\/\/www.salari.nl\/#organization"},"potentialAction":[{"@type":"SearchAction","target":{"@type":"EntryPoint","urlTemplate":"https:\/\/www.salari.nl\/?s={search_term_string}"},"query-input":"required name=search_term_string"}],"inLanguage":"de"},{"@type":"Organization","@id":"https:\/\/www.salari.nl\/#organization","name":"W.G. Salari","url":"https:\/\/www.salari.nl\/","logo":{"@type":"ImageObject","inLanguage":"de","@id":"https:\/\/www.salari.nl\/#\/schema\/logo\/image\/","url":"https:\/\/www.salari.nl\/wp-content\/uploads\/2019\/12\/footer-logo-salari.png","contentUrl":"https:\/\/www.salari.nl\/wp-content\/uploads\/2019\/12\/footer-logo-salari.png","width":300,"height":80,"caption":"W.G. Salari"},"image":{"@id":"https:\/\/www.salari.nl\/#\/schema\/logo\/image\/"},"sameAs":["https:\/\/www.facebook.com\/WGSalari\/","https:\/\/nl.linkedin.com\/company\/w-g-salari"]}]}},"_links":{"self":[{"href":"https:\/\/www.salari.nl\/de\/wp-json\/wp\/v2\/pages\/2857"}],"collection":[{"href":"https:\/\/www.salari.nl\/de\/wp-json\/wp\/v2\/pages"}],"about":[{"href":"https:\/\/www.salari.nl\/de\/wp-json\/wp\/v2\/types\/page"}],"author":[{"embeddable":true,"href":"https:\/\/www.salari.nl\/de\/wp-json\/wp\/v2\/users\/2"}],"replies":[{"embeddable":true,"href":"https:\/\/www.salari.nl\/de\/wp-json\/wp\/v2\/comments?post=2857"}],"version-history":[{"count":0,"href":"https:\/\/www.salari.nl\/de\/wp-json\/wp\/v2\/pages\/2857\/revisions"}],"up":[{"embeddable":true,"href":"https:\/\/www.salari.nl\/de\/wp-json\/wp\/v2\/pages\/2850"}],"wp:attachment":[{"href":"https:\/\/www.salari.nl\/de\/wp-json\/wp\/v2\/media?parent=2857"}],"curies":[{"name":"wp","href":"https:\/\/api.w.org\/{rel}","templated":true}]}}